{"id":27266,"date":"2026-02-03T09:21:05","date_gmt":"2026-02-03T08:21:05","guid":{"rendered":"https:\/\/www.flandersexpo.be\/huisreglement\/"},"modified":"2026-02-09T10:33:42","modified_gmt":"2026-02-09T09:33:42","slug":"reglement-interieur","status":"publish","type":"page","link":"https:\/\/www.flandersexpo.be\/fr\/reglement-interieur\/","title":{"rendered":"R\u00e8glement int\u00e9rieur"},"content":{"rendered":"\t\t<div data-elementor-type=\"wp-page\" data-elementor-id=\"27266\" class=\"elementor elementor-27266 elementor-23111\" data-elementor-post-type=\"page\">\n\t\t\t\t<div class=\"elementor-element elementor-element-ad6f91a e-con-full e-flex e-con e-parent\" data-id=\"ad6f91a\" data-element_type=\"container\">\n\t\t<div class=\"elementor-element elementor-element-b007fa7 e-con-full e-flex e-con e-child\" data-id=\"b007fa7\" data-element_type=\"container\" data-settings=\"{&quot;background_background&quot;:&quot;classic&quot;}\">\n\t\t\t\t<div class=\"elementor-element elementor-element-76ca74d elementor-widget elementor-widget-heading\" data-id=\"76ca74d\" data-element_type=\"widget\" data-widget_type=\"heading.default\">\n\t\t\t\t\t<h1 class=\"elementor-heading-title elementor-size-default\">R\u00c8GLEMENT INT\u00c9RIEUR DU SITE<\/h1>\t\t\t\t<\/div>\n\t\t\t\t<div class=\"elementor-element elementor-element-275281c elementor-widget elementor-widget-heading\" data-id=\"275281c\" data-element_type=\"widget\" data-widget_type=\"heading.default\">\n\t\t\t\t\t<h3 class=\"elementor-heading-title elementor-size-default\">1. Objet<\/h3>\t\t\t\t<\/div>\n\t\t\t\t<div class=\"elementor-element elementor-element-5d16c41 elementor-widget elementor-widget-text-editor\" data-id=\"5d16c41\" data-element_type=\"widget\" data-widget_type=\"text-editor.default\">\n\t\t\t\t\t\t\t\t\t<p>Le pr\u00e9sent R\u00e8glement int\u00e9rieur vise \u00e0 rendre l&rsquo;exp\u00e9rience des Visiteurs du Site aussi agr\u00e9able et s\u00fbre que possible et s&rsquo;applique \u00e0 toute personne p\u00e9n\u00e9trant sur le Site.<\/p>\n\t\t\t\t\t\t\t\t<\/div>\n\t\t\t\t<div class=\"elementor-element elementor-element-4b126e6 elementor-widget elementor-widget-heading\" data-id=\"4b126e6\" data-element_type=\"widget\" data-widget_type=\"heading.default\">\n\t\t\t\t\t<h3 class=\"elementor-heading-title elementor-size-default\">2. D\u00e9finitions<\/h3>\t\t\t\t<\/div>\n\t\t\t\t<div class=\"elementor-element elementor-element-83afb92 elementor-widget__width-initial elementor-widget elementor-widget-text-editor\" data-id=\"83afb92\" data-element_type=\"widget\" data-widget_type=\"text-editor.default\">\n\t\t\t\t\t\t\t\t\t<p>Dans le pr\u00e9sent R\u00e8glement int\u00e9rieur, les termes suivants ont la signification correspondante, que ce soit au singulier ou au pluriel :<\/p>\n<ul>\n<li><strong>Visiteur :<\/strong> toute personne (physique) qui p\u00e9n\u00e8tre sur le Site, quelle que soit sa qualit\u00e9 et quel que soit le contexte ;<\/li>\n<li><strong>Easyfairs Belgium<\/strong> : Easyfairs Belgium, soci\u00e9t\u00e9 anonyme de droit belge dont le si\u00e8ge social est sis Maaltekouter 1, 9051 Gand, Belgique, inscrite \u00e0 la Banque-Carrefour des Entreprises sous le num\u00e9ro 0424.681.440, RPM Gand ;<\/li>\n<li><strong>\u00c9v\u00e9nement<\/strong> : un \u00e9v\u00e9nement (y compris un salon) organis\u00e9 par Easyfairs Belgium et\/ou par un Organisateur sur le Site ;<\/li>\n<li><strong>Site<\/strong> : l&rsquo;ensemble du site comprenant les b\u00e2timents, les infrastructures et les parkings de respectivement <a href=\"http:\/\/www.antwerpexpo.be\" data-cmp-ab=\"2\">Antwerp Expo<\/a>, <a href=\"http:\/\/www.flandersexpo.be\" data-cmp-ab=\"2\">Flanders Expo<\/a>, <a href=\"http:\/\/www.nekkerhalbrusselsnorth.com\" target=\"_blank\" rel=\"noopener\">Nekkerhal \u2013 Brussels North<\/a> ou <a href=\"http:\/\/www.namurexpo.be\" target=\"_blank\" rel=\"noopener\">Namur Expo<\/a>, selon le lieu o\u00f9 l&rsquo;\u00c9v\u00e9nement est organis\u00e9 ;<\/li>\n<li><strong>R\u00e8glement int\u00e9rieur<\/strong> : le pr\u00e9sent r\u00e8glement int\u00e9rieur d&rsquo;Easyfairs Belgium, y compris ses \u00e9ventuelles modifications futures ;<\/li>\n<li><strong>Organisateur<\/strong> : l&rsquo;organisateur d&rsquo;un \u00c9v\u00e9nement sur le Site, y compris Easyfairs Belgium ;<\/li>\n<li><strong>Fournisseurs de tickets<\/strong> : l&rsquo;Organisateur, les Partenaires de l&rsquo;Organisateur et\/ou d&rsquo;Easyfairs Belgium, Easyfairs Belgium et les exposants d&rsquo;un \u00c9v\u00e9nement, que ce soit \u00e0 titre gratuit ou payant.<\/li>\n<\/ul>\n\t\t\t\t\t\t\t\t<\/div>\n\t\t\t\t<div class=\"elementor-element elementor-element-5e23472 elementor-widget elementor-widget-heading\" data-id=\"5e23472\" data-element_type=\"widget\" data-widget_type=\"heading.default\">\n\t\t\t\t\t<h3 class=\"elementor-heading-title elementor-size-default\">3. Champ d'application<\/h3>\t\t\t\t<\/div>\n\t\t\t\t<div class=\"elementor-element elementor-element-1ca5618 elementor-widget elementor-widget-text-editor\" data-id=\"1ca5618\" data-element_type=\"widget\" data-widget_type=\"text-editor.default\">\n\t\t\t\t\t\t\t\t\t<h5>3.1. G\u00e9n\u00e9ralit\u00e9s<\/h5>\n\t\t\t\t\t\t\t\t<\/div>\n\t\t\t\t<div class=\"elementor-element elementor-element-6013144 elementor-widget elementor-widget-text-editor\" data-id=\"6013144\" data-element_type=\"widget\" data-widget_type=\"text-editor.default\">\n\t\t\t\t\t\t\t\t\t<p>Le pr\u00e9sent R\u00e8glement int\u00e9rieur s&rsquo;applique \u00e0 l&rsquo;ensemble du Site et doit \u00eatre strictement respect\u00e9 par chaque Visiteur, afin de garantir la s\u00e9curit\u00e9, l&rsquo;hygi\u00e8ne, la propret\u00e9, l&rsquo;ordre et le bon fonctionnement du Site.<\/p>\n<ul><\/ul>\n<p>Toute d\u00e9rogation aux dispositions du pr\u00e9sent R\u00e8glement int\u00e9rieur ne sera autoris\u00e9e qu&rsquo;\u00e0 titre exceptionnel apr\u00e8s l&rsquo;accord \u00e9crit pr\u00e9alable d&rsquo;Easyfairs Belgium.<\/p>\n<ul><\/ul>\n<p>Le contr\u00f4le de l&rsquo;application du pr\u00e9sent R\u00e8glement int\u00e9rieur est assur\u00e9 par Easyfairs Belgium.<\/p>\t\t\t\t\t\t\t\t<\/div>\n\t\t\t\t<div class=\"elementor-element elementor-element-0c1beae elementor-widget elementor-widget-text-editor\" data-id=\"0c1beae\" data-element_type=\"widget\" data-widget_type=\"text-editor.default\">\n\t\t\t\t\t\t\t\t\t<h5>3.2. Notification<\/h5>\n\t\t\t\t\t\t\t\t<\/div>\n\t\t\t\t<div class=\"elementor-element elementor-element-945beff elementor-widget elementor-widget-text-editor\" data-id=\"945beff\" data-element_type=\"widget\" data-widget_type=\"text-editor.default\">\n\t\t\t\t\t\t\t\t\t<p>Le R\u00e8glement int\u00e9rieur est publi\u00e9 sur le site web d&rsquo;<a href=\"http:\/\/www.easyfairs.com\" data-cmp-ab=\"2\">Easyfairs Belgium<\/a> ainsi que sur les sites web des Sites (<a href=\"http:\/\/www.antwerpexpo.be\" data-cmp-ab=\"2\">Antwerp Expo<\/a>, <a href=\"http:\/\/www.flandersexpo.be\" data-cmp-ab=\"2\">Flanders Expo<\/a>, <a href=\"http:\/\/www.nekkerhalbrusselsnorth.com\" target=\"_blank\">Nekkerhal &#8211; Brussels North<\/a> et <a href=\"http:\/\/www.namurexpo.be\">Namur Expo<\/a>).<\/p>\n<p>Les Visiteurs qui ach\u00e8tent un ticket en ligne ou qui l&rsquo;ont obtenu via les Vendeurs de tickets ou sur le Site via un guichet pourront prendre connaissance du R\u00e8glement int\u00e9rieur lors du processus d&rsquo;achat et devront l&rsquo;accepter avant de pouvoir proc\u00e9der \u00e0 l&rsquo;achat ou \u00e0 l&rsquo;utilisation d&rsquo;un ticket.<\/p>\n<p>Les Visiteurs qui obtiennent un acc\u00e8s par un autre moyen (badge visiteur) seront inform\u00e9s du R\u00e8glement int\u00e9rieur via leur personne de contact.<\/p>\n<p>Le R\u00e8glement int\u00e9rieur peut \u00e9galement \u00eatre consult\u00e9 \u00e0 la r\u00e9ception du Site.<\/p>\t\t\t\t\t\t\t\t<\/div>\n\t\t\t\t<div class=\"elementor-element elementor-element-6f9937e elementor-widget elementor-widget-text-editor\" data-id=\"6f9937e\" data-element_type=\"widget\" data-widget_type=\"text-editor.default\">\n\t\t\t\t\t\t\t\t\t<h5>3.3. Dispositions contradictoires<\/h5>\n\t\t\t\t\t\t\t\t<\/div>\n\t\t\t\t<div class=\"elementor-element elementor-element-178c23d elementor-widget elementor-widget-text-editor\" data-id=\"178c23d\" data-element_type=\"widget\" data-widget_type=\"text-editor.default\">\n\t\t\t\t\t\t\t\t\t<p>Le pr\u00e9sent R\u00e8glement int\u00e9rieur ne porte pas pr\u00e9judice aux dispositions contractuelles applicables dans le cadre de la collaboration entre Easyfairs Belgium et les Organisateurs d&rsquo;\u00c9v\u00e9nements, ainsi qu&rsquo;aux accords conclus entre Easyfairs Belgium et les concessionnaires, partenaires ou sous-traitants.<\/p>\n<p>En cas de dispositions contradictoires entre le pr\u00e9sent R\u00e8glement int\u00e9rieur et un accord conclu avec Easyfairs Belgium pour un \u00c9v\u00e9nement sp\u00e9cifique sur le Site, ou d&rsquo;autres conditions g\u00e9n\u00e9rales applicables \u00e0 un \u00c9v\u00e9nement, les dispositions du pr\u00e9sent R\u00e8glement int\u00e9rieur pr\u00e9vaudront, sauf disposition \u00e9crite expresse contraire.<\/p>\n<p>Plus particuli\u00e8rement, le pr\u00e9sent R\u00e8glement int\u00e9rieur ne porte pas pr\u00e9judice aux conditions g\u00e9n\u00e9rales pour les Visiteurs des \u00c9v\u00e9nements organis\u00e9s par Easyfairs Belgium (tels que <a href=\"https:\/\/www.facts.be\" target=\"_blank\" rel=\"noopener\">FACTS<\/a>), \u00e0 l&rsquo;exception de l&rsquo;article 4 \u00ab Acc\u00e8s \u00bb et de l&rsquo;article 6 \u00ab Vie priv\u00e9e \u00bb du pr\u00e9sent R\u00e8glement int\u00e9rieur qui pr\u00e9valent en vue d&rsquo;une application coh\u00e9rente sur les Sites respectifs.<\/p>\n<p>D&rsquo;autres termes utilis\u00e9s par Easyfairs dans les documents contractuels (y compris les conditions g\u00e9n\u00e9rales pour les Sites et les \u00c9v\u00e9nements), tels que le terme \u00ab R\u00e8glement d&rsquo;ordre int\u00e9rieur \u00bb, font r\u00e9f\u00e9rence au pr\u00e9sent R\u00e8glement int\u00e9rieur.<\/p>\n\t\t\t\t\t\t\t\t<\/div>\n\t\t\t\t<div class=\"elementor-element elementor-element-318c5a9 elementor-widget elementor-widget-heading\" data-id=\"318c5a9\" data-element_type=\"widget\" data-widget_type=\"heading.default\">\n\t\t\t\t\t<h3 class=\"elementor-heading-title elementor-size-default\">4. Acc\u00e8s<\/h3>\t\t\t\t<\/div>\n\t\t\t\t<div class=\"elementor-element elementor-element-18df847 elementor-widget elementor-widget-text-editor\" data-id=\"18df847\" data-element_type=\"widget\" data-widget_type=\"text-editor.default\">\n\t\t\t\t\t\t\t\t\t<h5>4.1. G\u00e9n\u00e9ralit\u00e9s<\/h5>\n\t\t\t\t\t\t\t\t<\/div>\n\t\t\t\t<div class=\"elementor-element elementor-element-2d4ef60 elementor-widget elementor-widget-text-editor\" data-id=\"2d4ef60\" data-element_type=\"widget\" data-widget_type=\"text-editor.default\">\n\t\t\t\t\t\t\t\t\t<p>Le Visiteur s&rsquo;engage \u00e0 respecter le pr\u00e9sent R\u00e8glement int\u00e9rieur et \u00e0 se comporter comme une personne normalement prudente et responsable lors de sa visite sur le Site.<\/p>\n\t\t\t\t\t\t\t\t<\/div>\n\t\t\t\t<div class=\"elementor-element elementor-element-fbfa499 elementor-widget elementor-widget-text-editor\" data-id=\"fbfa499\" data-element_type=\"widget\" data-widget_type=\"text-editor.default\">\n\t\t\t\t\t\t\t\t\t<h5>4.2. Tickets pour les \u00e9v\u00e9nements<\/h5>\n\t\t\t\t\t\t\t\t<\/div>\n\t\t\t\t<div class=\"elementor-element elementor-element-89b73cb elementor-widget elementor-widget-text-editor\" data-id=\"89b73cb\" data-element_type=\"widget\" data-widget_type=\"text-editor.default\">\n\t\t\t\t\t\t\t\t\tLes tickets pour un \u00c9v\u00e9nement peuvent \u00eatre obtenus via les Vendeurs de tickets. \n<ul><\/ul>\nEasyfairs Belgium encourage l&rsquo;achat de tickets pour les \u00c9v\u00e9nements en ligne et \u00e0 l&rsquo;avance autant que possible. \n<ul><\/ul>\n\u00c0 l&rsquo;exception des tickets vendus ou offerts par Easyfairs Belgium elle-m\u00eame pour les \u00e9v\u00e9nements qu&rsquo;elle organise, Easyfairs Belgium n&rsquo;est pas responsable de l&rsquo;impossibilit\u00e9 pour un Visiteur d&rsquo;assister \u00e0 un \u00c9v\u00e9nement organis\u00e9 par un Organisateur sur le Site \u00e0 la suite d&rsquo;une erreur lors de l&rsquo;achat ou de la d\u00e9livrance d&rsquo;un ticket et n&rsquo;est en aucun cas tenue au remboursement du prix d&rsquo;achat d&rsquo;un ticket. \n<ul><\/ul>\nSi un Visiteur souhaite \u00e9changer un ticket payant contre un autre ticket de prix identique ou sup\u00e9rieur, il doit contacter l&rsquo;Organisateur de l&rsquo;\u00c9v\u00e9nement concern\u00e9 ou Easyfairs Belgium, si Easyfairs Belgium organise l&rsquo;\u00c9v\u00e9nement. \n<ul><\/ul>\nLes tickets pour les \u00c9v\u00e9nements sont non cessibles. Toute cession ou revente d&rsquo;un ticket par un Visiteur \u00e0 un autre Visiteur ou \u00e0 un tiers (ou toute tentative en ce sens) entra\u00eene automatiquement la nullit\u00e9 dudit ticket, sans que le Visiteur ne puisse pr\u00e9tendre au remboursement du prix d&rsquo;achat ou \u00e0 toute autre indemnit\u00e9 \u00e0 cet \u00e9gard.\t\t\t\t\t\t\t\t<\/div>\n\t\t\t\t<div class=\"elementor-element elementor-element-80eac13 elementor-widget elementor-widget-text-editor\" data-id=\"80eac13\" data-element_type=\"widget\" data-widget_type=\"text-editor.default\">\n\t\t\t\t\t\t\t\t\t<h5>4.3. Enfants<\/h5>\n\t\t\t\t\t\t\t\t<\/div>\n\t\t\t\t<div class=\"elementor-element elementor-element-b474246 elementor-widget elementor-widget-text-editor\" data-id=\"b474246\" data-element_type=\"widget\" data-widget_type=\"text-editor.default\">\n\t\t\t\t\t\t\t\t\t<p>Les Visiteurs de moins de seize (16) ans doivent \u00eatre accompagn\u00e9s d&rsquo;un adulte lors de leur visite sur le Site.<\/p>\n\t\t\t\t\t\t\t\t<\/div>\n\t\t\t\t<div class=\"elementor-element elementor-element-909ec34 elementor-widget elementor-widget-text-editor\" data-id=\"909ec34\" data-element_type=\"widget\" data-widget_type=\"text-editor.default\">\n\t\t\t\t\t\t\t\t\t<h5>4.4. Animaux<\/h5>\n\t\t\t\t\t\t\t\t<\/div>\n\t\t\t\t<div class=\"elementor-element elementor-element-169a8e6 elementor-widget elementor-widget-text-editor\" data-id=\"169a8e6\" data-element_type=\"widget\" data-widget_type=\"text-editor.default\">\n\t\t\t\t\t\t\t\t\t<p>\u00c0 l&rsquo;exception des chiens d&rsquo;assistance reconnus pour les personnes handicap\u00e9es et des animaux destin\u00e9s \u00e0 \u00eatre expos\u00e9s lors d&rsquo;un \u00c9v\u00e9nement, les animaux ne sont pas admis sur le Site. Pour son \u00c9v\u00e9nement, un Organisateur peut toutefois en d\u00e9cider express\u00e9ment autrement, sous r\u00e9serve du respect des dispositions l\u00e9gales applicables. Les animaux restent sous la responsabilit\u00e9 exclusive de leur propri\u00e9taire durant leur pr\u00e9sence. Easyfairs Belgium ne peut \u00eatre tenue responsable de tout dommage caus\u00e9 par les animaux d&rsquo;un Visiteur ou d&rsquo;un Organisateur.<\/p>\n\t\t\t\t\t\t\t\t<\/div>\n\t\t\t\t<div class=\"elementor-element elementor-element-ab39925 elementor-widget elementor-widget-text-editor\" data-id=\"ab39925\" data-element_type=\"widget\" data-widget_type=\"text-editor.default\">\n\t\t\t\t\t\t\t\t\t<h5>4.5. Acc\u00e8s pour raisons professionnelles<\/h5>\n\t\t\t\t\t\t\t\t<\/div>\n\t\t\t\t<div class=\"elementor-element elementor-element-f1ace69 elementor-widget elementor-widget-text-editor\" data-id=\"f1ace69\" data-element_type=\"widget\" data-widget_type=\"text-editor.default\">\n\t\t\t\t\t\t\t\t\tLes Visiteurs qui p\u00e9n\u00e8trent sur le Site \u00e0 titre professionnel, que ce soit ou non en rapport avec l&rsquo;organisation d&rsquo;un \u00c9v\u00e9nement, doivent se pr\u00e9senter \u00e0 l&rsquo;accueil du Site. Des dispositions compl\u00e9mentaires seront alors \u00e9labor\u00e9es via leur personne de contact. \n<ul><\/ul>\nSi des badges de visiteur sont utilis\u00e9s, ceux-ci sont personnels et non cessibles.\t\t\t\t\t\t\t\t<\/div>\n\t\t\t\t<div class=\"elementor-element elementor-element-6b5fd06 elementor-widget elementor-widget-text-editor\" data-id=\"6b5fd06\" data-element_type=\"widget\" data-widget_type=\"text-editor.default\">\n\t\t\t\t\t\t\t\t\t<h5>4.6. Refus d&rsquo;acc\u00e8s<\/h5>\n\t\t\t\t\t\t\t\t<\/div>\n\t\t\t\t<div class=\"elementor-element elementor-element-89d8ca2 elementor-widget elementor-widget-text-editor\" data-id=\"89d8ca2\" data-element_type=\"widget\" data-widget_type=\"text-editor.default\">\n\t\t\t\t\t\t\t\t\tEasyfairs Belgium se r\u00e9serve le droit, lors de l&rsquo;entr\u00e9e sur le Site ou pendant un \u00c9v\u00e9nement, de refuser l&rsquo;acc\u00e8s au Site \u00e0 un Visiteur qui, sans que cette liste soit exhaustive :\n<ul><\/ul>\n<li>Ne peut pr\u00e9senter de titre d&rsquo;acc\u00e8s valable au Site (par exemple un badge visiteur ou un ticket pour un \u00c9v\u00e9nement) ;<\/li>\n<li>Est sous l&rsquo;influence de l&rsquo;alcool, de drogues ou d&rsquo;autres produits stup\u00e9fiants et\/ou stimulants ;<\/li>\n<li>Est en possession d&rsquo;une arme prohib\u00e9e par la loi et\/ou d&rsquo;objets dangereux ;<\/li>\n<li>Adopte des comportements provocateurs ou offensants, incitant \u00e0 la haine, \u00e0 la col\u00e8re ou au racisme et\/ou perturbant l&rsquo;ordre public ;<\/li>\n<li>Perturbe le travail des collaborateurs d&rsquo;Easyfairs Belgium et\/ou de l&rsquo;Organisateur concern\u00e9 ;<\/li>\n<li>Perturbe la visite du Site par d&rsquo;autres Visiteurs ;<\/li>\n<li>S&rsquo;est vu interdire l&rsquo;acc\u00e8s au Site par Easyfairs Belgium et\/ou l&rsquo;Organisateur concern\u00e9 et\/ou une autorit\u00e9 judiciaire ; ou<\/li>\n<li>Ne respecte pas les dispositions du pr\u00e9sent R\u00e8glement int\u00e9rieur, malgr\u00e9 les demandes formul\u00e9es par Easyfairs Belgium et\/ou l&rsquo;Organisateur.<\/li>\n<ul><\/ul>\nAfin de garantir la s\u00e9curit\u00e9 de l&rsquo;\u00c9v\u00e9nement, de ses Visiteurs et du Site, Easyfairs Belgium et\/ou l&rsquo;Organisateur concern\u00e9 font appel \u00e0 des services de gardiennage agr\u00e9\u00e9s. Les agents de gardiennage peuvent, dans les conditions l\u00e9gales, refuser l&rsquo;acc\u00e8s \u00e0 l&rsquo;\u00c9v\u00e9nement et au Site, y compris par le biais de palpations (examen des v\u00eatements et du corps de la personne concern\u00e9e) et de fouilles (examen des effets personnels).\t\t\t\t\t\t\t\t<\/div>\n\t\t\t\t<div class=\"elementor-element elementor-element-6618030 elementor-widget elementor-widget-heading\" data-id=\"6618030\" data-element_type=\"widget\" data-widget_type=\"heading.default\">\n\t\t\t\t\t<h3 class=\"elementor-heading-title elementor-size-default\">5. S\u00e9curit\u00e9<\/h3>\t\t\t\t<\/div>\n\t\t\t\t<div class=\"elementor-element elementor-element-abd4128 elementor-widget elementor-widget-text-editor\" data-id=\"abd4128\" data-element_type=\"widget\" data-widget_type=\"text-editor.default\">\n\t\t\t\t\t\t\t\t\t<h5>5.1. G\u00e9n\u00e9ralit\u00e9s<\/h5>\n\t\t\t\t\t\t\t\t<\/div>\n\t\t\t\t<div class=\"elementor-element elementor-element-c154621 elementor-widget elementor-widget-text-editor\" data-id=\"c154621\" data-element_type=\"widget\" data-widget_type=\"text-editor.default\">\n\t\t\t\t\t\t\t\t\t<p>Lors d&rsquo;une visite sur le Site, chaque Visiteur s&rsquo;engage \u00e0 respecter les r\u00e8gles de s\u00e9curit\u00e9 d&rsquo;Easyfairs Belgium. Ces r\u00e8gles de s\u00e9curit\u00e9 peuvent \u00eatre consult\u00e9es <a href=\"https:\/\/www.flandersexpo.be\/fr\/veiligheidsregels\/\">ici<\/a>. Une copie de ces r\u00e8gles peut \u00eatre obtenue sur demande.<\/p>\n<p>Un Visiteur confront\u00e9 \u00e0 une situation d&rsquo;ins\u00e9curit\u00e9 pour lui-m\u00eame et\/ou pour d&rsquo;autres Visiteurs en informe un collaborateur d&rsquo;Easyfairs Belgium et\/ou l&rsquo;Organisateur dans les plus brefs d\u00e9lais.<\/p>\n<p>Il est strictement interdit \u00e0 un Visiteur de (sans que cette liste soit exhaustive) :<\/p>\n<ul>\n<li>Fumer dans les b\u00e2timents, halls, locaux, restaurants, toilettes et files d&rsquo;attente du Site (y compris les cigarettes \u00e9lectroniques sous quelque forme que ce soit). Il est permis de fumer \u00e0 l&rsquo;ext\u00e9rieur du Site dans les zones pr\u00e9vues \u00e0 cet effet ;<\/li>\n<li>Faire voler un drone sur, dans ou au-dessus du Site sans l&rsquo;autorisation \u00e9crite et expresse pr\u00e9alable d&rsquo;Easyfairs Belgium ;<\/li>\n<li>R\u00e9aliser des prises de vue photographiques, vid\u00e9o et\/ou des enregistrements sonores \u00e0 des fins professionnelles sans l&rsquo;autorisation expresse d&rsquo;Easyfairs Belgium (voir \u00e9galement article 6. Vie priv\u00e9e) ;<\/li>\n<li>Causer des dommages \u00e0 d&rsquo;autres Visiteurs, aux collaborateurs d&rsquo;Easyfairs Belgium ou de l&rsquo;Organisateur, ou aux biens, installations et\/ou b\u00e2timents du Site ;<\/li>\n<li>P\u00e9n\u00e9trer dans des locaux non destin\u00e9s au public (par exemple, un local technique et tout espace indiquant qu&rsquo;il est r\u00e9serv\u00e9 au personnel d&rsquo;Easyfairs Belgium), sauf si une activit\u00e9 professionnelle l&rsquo;exige et, le cas \u00e9ch\u00e9ant, moyennant l&rsquo;autorisation expresse d&rsquo;Easyfairs Belgium ;<\/li>\n<li>Entraver le passage au niveau des voies d&rsquo;acc\u00e8s et\/ou d&rsquo;\u00e9vacuation, des portes de secours, des moyens d&rsquo;extinction, des escaliers ou des cages d&rsquo;escalier. Les objets obstruant ces passages peuvent \u00eatre retir\u00e9s par Easyfairs Belgium ou par un tiers mandat\u00e9 par Easyfairs Belgium ;<\/li>\n<li>Mettre en p\u00e9ril la s\u00e9curit\u00e9 d&rsquo;autres Visiteurs ou de collaborateurs d&rsquo;Easyfairs Belgium ou d&rsquo;un Organisateur ;<\/li>\n<li>D&rsquo;une mani\u00e8re g\u00e9n\u00e9rale, perturber l&rsquo;ordre sur ou \u00e0 l&rsquo;int\u00e9rieur du Site ;<\/li>\n<li>Introduire des installations musicales (bruyantes) sur le Site.<\/li>\n<\/ul>\n\t\t\t\t\t\t\t\t<\/div>\n\t\t\t\t<div class=\"elementor-element elementor-element-134f08f elementor-widget elementor-widget-text-editor\" data-id=\"134f08f\" data-element_type=\"widget\" data-widget_type=\"text-editor.default\">\n\t\t\t\t\t\t\t\t\t<h5>5.2. Accidents<\/h5>\n\t\t\t\t\t\t\t\t<\/div>\n\t\t\t\t<div class=\"elementor-element elementor-element-f040424 elementor-widget elementor-widget-text-editor\" data-id=\"f040424\" data-element_type=\"widget\" data-widget_type=\"text-editor.default\">\n\t\t\t\t\t\t\t\t\t<p>Tout accident survenu ou toute blessure subie lors d&rsquo;une visite sur le Site doit \u00eatre signal\u00e9 imm\u00e9diatement et au plus tard avant de quitter le Site au poste de secours (EHBO) du Site pour enregistrement, examen et soins (si n\u00e9cessaire).<\/p>\n\t\t\t\t\t\t\t\t<\/div>\n\t\t\t\t<div class=\"elementor-element elementor-element-8f7a7cd elementor-widget elementor-widget-text-editor\" data-id=\"8f7a7cd\" data-element_type=\"widget\" data-widget_type=\"text-editor.default\">\n\t\t\t\t\t\t\t\t\t<h5>5.3. \u00c9vacuation<\/h5>\n\t\t\t\t\t\t\t\t<\/div>\n\t\t\t\t<div class=\"elementor-element elementor-element-4a37406 elementor-widget elementor-widget-text-editor\" data-id=\"4a37406\" data-element_type=\"widget\" data-widget_type=\"text-editor.default\">\n\t\t\t\t\t\t\t\t\tChaque Visiteur s&rsquo;engage, en cas d&rsquo;incendie ou de tout autre incident entra\u00eenant l&rsquo;\u00e9vacuation de (une partie de) la Site, \u00e0 suivre strictement les directives des collaborateurs d&rsquo;Easyfairs Belgium et des services d&rsquo;ordre. \n<ul><\/ul>\nEn cas d&rsquo;\u00e9vacuation de (une partie de) la Site, il est interdit de p\u00e9n\u00e9trer \u00e0 nouveau dans les zones \u00e9vacu\u00e9es sans l&rsquo;autorisation expresse pr\u00e9alable des collaborateurs du Site et\/ou des services d&rsquo;ordre.\t\t\t\t\t\t\t\t<\/div>\n\t\t\t\t<div class=\"elementor-element elementor-element-54b5b12 elementor-widget elementor-widget-heading\" data-id=\"54b5b12\" data-element_type=\"widget\" data-widget_type=\"heading.default\">\n\t\t\t\t\t<h3 class=\"elementor-heading-title elementor-size-default\">6. Vie priv\u00e9e<\/h3>\t\t\t\t<\/div>\n\t\t\t\t<div class=\"elementor-element elementor-element-839b613 elementor-widget elementor-widget-text-editor\" data-id=\"839b613\" data-element_type=\"widget\" data-widget_type=\"text-editor.default\">\n\t\t\t\t\t\t\t\t\t<h5>6.1. Cam\u00e9ras de surveillance<\/h5>\n\t\t\t\t\t\t\t\t<\/div>\n\t\t\t\t<div class=\"elementor-element elementor-element-ddd80c1 elementor-widget elementor-widget-text-editor\" data-id=\"ddd80c1\" data-element_type=\"widget\" data-widget_type=\"text-editor.default\">\n\t\t\t\t\t\t\t\t\t<p>Chaque Visiteur peut \u00eatre photographi\u00e9 et\/ou film\u00e9 par les cam\u00e9ras de surveillance pr\u00e9sentes sur le Site, ces images pouvant \u00eatre enregistr\u00e9es et conserv\u00e9es. L&rsquo;enregistrement, la conservation et le traitement de ces images s&rsquo;effectuent conform\u00e9ment \u00e0 la l\u00e9gislation applicable (la Loi du 21 mars 2007 r\u00e9glant l&rsquo;installation et l&rsquo;utilisation de cam\u00e9ras de surveillance, telle que modifi\u00e9e ou remplac\u00e9e le cas \u00e9ch\u00e9ant) et exclusivement en vue de maintenir l&rsquo;ordre et la s\u00e9curit\u00e9 sur le Site.<\/p>\n\t\t\t\t\t\t\t\t<\/div>\n\t\t\t\t<div class=\"elementor-element elementor-element-ecbfa56 elementor-widget elementor-widget-text-editor\" data-id=\"ecbfa56\" data-element_type=\"widget\" data-widget_type=\"text-editor.default\">\n\t\t\t\t\t\t\t\t\t<h5>6.2. Photographies et vid\u00e9os par Easyfairs<\/h5>\n\t\t\t\t\t\t\t\t<\/div>\n\t\t\t\t<div class=\"elementor-element elementor-element-f48d6b8 elementor-widget elementor-widget-text-editor\" data-id=\"f48d6b8\" data-element_type=\"widget\" data-widget_type=\"text-editor.default\">\n\t\t\t\t\t\t\t\t\t<p>Sur le Site, l&rsquo;image des Visiteurs (photo et vid\u00e9o) peut \u00eatre captur\u00e9e dans le cadre du mat\u00e9riel promotionnel r\u00e9alis\u00e9 par Easyfairs Belgium et\/ou les Organisateurs lors des \u00c9v\u00e9nements. Ce mat\u00e9riel peut \u00eatre partag\u00e9 sur le site web d&rsquo;Easyfairs Belgium et\/ou des Organisateurs ou \u00eatre diffus\u00e9 \u00e0 la t\u00e9l\u00e9vision. Dans ce cas, les donn\u00e9es \u00e0 caract\u00e8re personnel des Visiteurs sont trait\u00e9es sur la base de l&rsquo;int\u00e9r\u00eat l\u00e9gitime d&rsquo;Easyfairs Belgium et\/ou des Organisateurs \u00e0 promouvoir les \u00c9v\u00e9nements. Si des photos ou vid\u00e9os cibl\u00e9es d&rsquo;un Visiteur sont r\u00e9alis\u00e9es lors d&rsquo;une visite sur le Site ou d&rsquo;un \u00c9v\u00e9nement, le consentement du Visiteur concern\u00e9 sera toujours demand\u00e9 au pr\u00e9alable sur place, au moins oralement, pour le traitement et l&rsquo;utilisation ult\u00e9rieure, afin de garantir tant la protection de ses donn\u00e9es personnelles que son droit \u00e0 l&rsquo;image.<\/p>\n<p>La politique de confidentialit\u00e9 d&rsquo;Easyfairs peut \u00eatre consult\u00e9e <a href=\"http:\/\/www.easyfairs.com\/privacy-policy\/\" target=\"_blank\" rel=\"noopener\" data-cmp-ab=\"2\">ici<\/a>.<\/p>\n\t\t\t\t\t\t\t\t<\/div>\n\t\t\t\t<div class=\"elementor-element elementor-element-1f93600 elementor-widget elementor-widget-text-editor\" data-id=\"1f93600\" data-element_type=\"widget\" data-widget_type=\"text-editor.default\">\n\t\t\t\t\t\t\t\t\t<h5>6.3. Photographies et vid\u00e9os par des tiers autres qu&rsquo;Easyfairs<\/h5>\n\t\t\t\t\t\t\t\t<\/div>\n\t\t\t\t<div class=\"elementor-element elementor-element-3f64a9a elementor-widget elementor-widget-text-editor\" data-id=\"3f64a9a\" data-element_type=\"widget\" data-widget_type=\"text-editor.default\">\n\t\t\t\t\t\t\t\t\t<p>Les Visiteurs souhaitant r\u00e9aliser des prises de vue photographiques, vid\u00e9o et\/ou des enregistrements sonores \u00e0 des fins professionnelles \u00e0 l&rsquo;occasion d&rsquo;\u00c9v\u00e9nements doivent conclure au pr\u00e9alable des accords \u00e9crits concrets avec Easyfairs Belgium et\/ou l&rsquo;Organisateur de l&rsquo;\u00c9v\u00e9nement. Si une autorisation est accord\u00e9e, ils doivent informer les autres Visiteurs de l&rsquo;\u00c9v\u00e9nement et demander les autorisations n\u00e9cessaires, le cas \u00e9ch\u00e9ant, conform\u00e9ment aux dispositions l\u00e9gales applicables.<\/p>\n\t\t\t\t\t\t\t\t<\/div>\n\t\t\t\t<div class=\"elementor-element elementor-element-9316cd6 elementor-widget elementor-widget-heading\" data-id=\"9316cd6\" data-element_type=\"widget\" data-widget_type=\"heading.default\">\n\t\t\t\t\t<h3 class=\"elementor-heading-title elementor-size-default\">7. Parking et mobilit\u00e9<\/h3>\t\t\t\t<\/div>\n\t\t\t\t<div class=\"elementor-element elementor-element-c66cdcd elementor-widget elementor-widget-text-editor\" data-id=\"c66cdcd\" data-element_type=\"widget\" data-widget_type=\"text-editor.default\">\n\t\t\t\t\t\t\t\t\t<h5>7.1. Utilisation du parking<\/h5>\n\t\t\t\t\t\t\t\t<\/div>\n\t\t\t\t<div class=\"elementor-element elementor-element-b1e515c elementor-widget elementor-widget-text-editor\" data-id=\"b1e515c\" data-element_type=\"widget\" data-widget_type=\"text-editor.default\">\n\t\t\t\t\t\t\t\t\t<p class=\"x_MsoNormal\">Le stationnement sur le Site s&rsquo;effectue sur les emplacements pr\u00e9vus \u00e0 cet effet.<\/p>\n<p class=\"x_MsoNormal\">Aucun v\u00e9hicule motoris\u00e9 ou non motoris\u00e9 (et\/ou remorque) ne peut se trouver sur un emplacement non pr\u00e9vu \u00e0 cet effet ou indiquant qu&rsquo;il est r\u00e9serv\u00e9 \u00e0 certaines personnes (y compris un Visiteur sp\u00e9cifique).<\/p>\n<p class=\"x_MsoNormal\">Il est interdit de p\u00e9n\u00e9trer sur le parking du Site entre 23h00 et 06h00 ou de laisser un v\u00e9hicule sur le parking du Site entre les horaires susmentionn\u00e9s, sauf en qualit\u00e9 de Visiteur d&rsquo;un \u00c9v\u00e9nement se d\u00e9roulant apr\u00e8s 23h00 et pour autant que le v\u00e9hicule soit gar\u00e9 sur un emplacement pr\u00e9vu \u00e0 cet effet.<\/p>\n<p class=\"x_MsoNormal\">Chaque Visiteur veille \u00e0 ce que son v\u00e9hicule soit correctement verrouill\u00e9 lorsqu&rsquo;il le laisse sur le parking du Site et \u00e0 ce que les \u00e9ventuels objets de valeur se trouvant \u00e0 l&rsquo;int\u00e9rieur ne soient pas visibles.<\/p>\n<p class=\"x_MsoNormal\">Easyfairs Belgium se r\u00e9serve le droit de faire enlever, aux frais du propri\u00e9taire du v\u00e9hicule concern\u00e9, tout v\u00e9hicule laiss\u00e9 sur le parking du Site apr\u00e8s 23h00 n&rsquo;appartenant pas \u00e0 un Visiteur d&rsquo;un \u00c9v\u00e9nement se d\u00e9roulant apr\u00e8s 23h00 ou n&rsquo;\u00e9tant pas gar\u00e9 sur un emplacement pr\u00e9vu \u00e0 cet effet.<\/p>\n<p class=\"x_MsoNormal\">Les v\u00e9los doivent \u00eatre rang\u00e9s aux emplacements pr\u00e9vus \u00e0 cet effet. Easyfairs Belgium se r\u00e9serve le droit de d\u00e9placer (ou de faire d\u00e9placer) les v\u00e9los qui ne sont pas rang\u00e9s aux emplacements pr\u00e9vus, le cas \u00e9ch\u00e9ant aux frais du propri\u00e9taire du v\u00e9lo concern\u00e9.<\/p>\n\t\t\t\t\t\t\t\t<\/div>\n\t\t\t\t<div class=\"elementor-element elementor-element-99e4edd elementor-widget elementor-widget-text-editor\" data-id=\"99e4edd\" data-element_type=\"widget\" data-widget_type=\"text-editor.default\">\n\t\t\t\t\t\t\t\t\t<h5>7.2. Utilisation des bornes de recharge<\/h5>\n\t\t\t\t\t\t\t\t<\/div>\n\t\t\t\t<div class=\"elementor-element elementor-element-6e9e8c8 elementor-widget elementor-widget-text-editor\" data-id=\"6e9e8c8\" data-element_type=\"widget\" data-widget_type=\"text-editor.default\">\n\t\t\t\t\t\t\t\t\t<p class=\"x_MsoNormal\">La recharge des v\u00e9hicules n&rsquo;est autoris\u00e9e que sur les emplacements marqu\u00e9s et les v\u00e9hicules ne peuvent \u00eatre stationn\u00e9s plus de 24 heures sans autorisation.<\/p>\n<p class=\"x_MsoNormal\">Les bornes de recharge sont exclusivement destin\u00e9es aux v\u00e9hicules \u00e9lectriques devant \u00eatre recharg\u00e9s. Les utilisateurs doivent d\u00e9placer leur v\u00e9hicule dans les 30 minutes suivant la fin de la session de charge.<\/p>\n<p class=\"x_MsoNormal\">Un tarif de d\u00e9marrage de 1,00 \u20ac est appliqu\u00e9 par session de charge, et en cas de non-d\u00e9placement du v\u00e9hicule apr\u00e8s 60 minutes d&rsquo;inactivit\u00e9, une \u00ab idle fee \u00bb (frais d&rsquo;occupation) de 0,03 \u20ac par minute d\u00e9pass\u00e9e est factur\u00e9e.<\/p>\n\t\t\t\t\t\t\t\t<\/div>\n\t\t\t\t<div class=\"elementor-element elementor-element-664c092 elementor-widget elementor-widget-text-editor\" data-id=\"664c092\" data-element_type=\"widget\" data-widget_type=\"text-editor.default\">\n\t\t\t\t\t\t\t\t\t<h5>7.3. Mobilit\u00e9 et prescriptions de vitesse<\/h5>\n\t\t\t\t\t\t\t\t<\/div>\n\t\t\t\t<div class=\"elementor-element elementor-element-30ae447 elementor-widget elementor-widget-text-editor\" data-id=\"30ae447\" data-element_type=\"widget\" data-widget_type=\"text-editor.default\">\n\t\t\t\t\t\t\t\t\t<p class=\"x_MsoNormal\">Tous les v\u00e9hicules motoris\u00e9s doivent respecter une vitesse maximale de 30 km\/h sur le site.<\/p>\n<p class=\"x_MsoNormal\">Pendant les \u00e9v\u00e9nements, seuls les v\u00e9hicules motoris\u00e9s pour personnes handicap\u00e9es (par exemple, les scooters PMR) sont admis dans les halls \u00e0 une vitesse maximale de 5 km\/h (au pas).<\/p>\n<p class=\"x_MsoNormal\">Les trottinettes ne sont pas autoris\u00e9es dans les halls, sauf pendant les p\u00e9riodes de montage et de d\u00e9montage.<\/p>\n\t\t\t\t\t\t\t\t<\/div>\n\t\t\t\t<div class=\"elementor-element elementor-element-caa3733 elementor-widget elementor-widget-heading\" data-id=\"caa3733\" data-element_type=\"widget\" data-widget_type=\"heading.default\">\n\t\t\t\t\t<h3 class=\"elementor-heading-title elementor-size-default\">8. Actions commerciales<\/h3>\t\t\t\t<\/div>\n\t\t\t\t<div class=\"elementor-element elementor-element-254debb elementor-widget elementor-widget-text-editor\" data-id=\"254debb\" data-element_type=\"widget\" data-widget_type=\"text-editor.default\">\n\t\t\t\t\t\t\t\t\tIl est interdit aux Visiteurs de d\u00e9velopper sur le Site toute activit\u00e9 commerciale, de distribuer des flyers ou tout autre mat\u00e9riel promotionnel, de poser des affiches, de tenir des r\u00e9unions ou des discours, de percevoir des cotisations, de proc\u00e9der \u00e0 des collectes de fonds ou de distribuer gratuitement, \u00e9changer des objets, etc. sans l&rsquo;autorisation \u00e9crite et expresse pr\u00e9alable d&rsquo;Easyfairs Belgium. \n<ul><\/ul>\nToute violation de cette interdiction donne lieu, automatiquement et sans mise en demeure pr\u00e9alable, \u00e0 une indemnit\u00e9 forfaitaire de 3 000 EUR par infraction individuelle et par jour de maintien de l&rsquo;infraction, le cas \u00e9ch\u00e9ant hors frais de nettoyage et d&rsquo;entretien de la partie du Site utilis\u00e9e pour l&rsquo;action commerciale et sans pr\u00e9judice du droit d&rsquo;Easyfairs Belgium de r\u00e9clamer une indemnisation sup\u00e9rieure si le montant du dommage r\u00e9ellement subi exc\u00e8de ledit montant. \n<ul><\/ul>\nIl est interdit d&rsquo;utiliser des tickets pour des \u00c9v\u00e9nements \u00e0 des fins publicitaires, commerciales ou promotionnelles, ainsi que pour des jeux, concours ou activit\u00e9s de paris sans l&rsquo;autorisation \u00e9crite et expresse pr\u00e9alable d&rsquo;Easyfairs Belgium.\t\t\t\t\t\t\t\t<\/div>\n\t\t\t\t<div class=\"elementor-element elementor-element-861cf8d elementor-widget elementor-widget-heading\" data-id=\"861cf8d\" data-element_type=\"widget\" data-widget_type=\"heading.default\">\n\t\t\t\t\t<h3 class=\"elementor-heading-title elementor-size-default\">9. Restauration et d\u00e9bits de boissons<\/h3>\t\t\t\t<\/div>\n\t\t\t\t<div class=\"elementor-element elementor-element-e0b0d28 elementor-widget elementor-widget-text-editor\" data-id=\"e0b0d28\" data-element_type=\"widget\" data-widget_type=\"text-editor.default\">\n\t\t\t\t\t\t\t\t\t<p>Des points de restauration et de boissons sont propos\u00e9s sur le Site par l&rsquo;Organisateur ou par Easyfairs Belgium (en son nom propre ou via ses concessionnaires, partenaires ou sous-traitants), dans le cadre de ventes publiques ou lors des \u00c9v\u00e9nements. L&rsquo;assortiment des diff\u00e9rents points de vente ainsi que les prix de vente sont clairement indiqu\u00e9s dans chaque point de vente de nourriture et\/ou de boissons.<\/p>\n\t\t\t\t\t\t\t\t<\/div>\n\t\t\t\t<div class=\"elementor-element elementor-element-7706ca2 elementor-widget elementor-widget-heading\" data-id=\"7706ca2\" data-element_type=\"widget\" data-widget_type=\"heading.default\">\n\t\t\t\t\t<h3 class=\"elementor-heading-title elementor-size-default\">10. D\u00e9chets, bien-\u00eatre et hygi\u00e8ne<\/h3>\t\t\t\t<\/div>\n\t\t\t\t<div class=\"elementor-element elementor-element-7605d1c elementor-widget elementor-widget-text-editor\" data-id=\"7605d1c\" data-element_type=\"widget\" data-widget_type=\"text-editor.default\">\n\t\t\t\t\t\t\t\t\tChaque Visiteur s&rsquo;engage, lors de sa visite sur le Site, \u00e0 adopter un comportement respectueux de l&rsquo;environnement en (notamment) triant ses d\u00e9chets dans les \u00eelots de tri pr\u00e9vus \u00e0 cet effet et en respectant les cl\u00f4tures, les plantes, les fleurs et les pelouses. \n<ul><\/ul>\nChaque Visiteur est tenu de satisfaire ses besoins sanitaires (y compris les soins aux enfants) dans les lieux pr\u00e9vus et indiqu\u00e9s \u00e0 cet effet. \n<ul><\/ul>\nIl est interdit de jeter des objets dans les toilettes. \n<ul><\/ul>\nLes produits d&rsquo;hygi\u00e8ne menstruelle, les couches, les lingettes, etc. doivent toujours \u00eatre d\u00e9pos\u00e9s dans les poubelles sanitaires. \n<ul><\/ul>\nL&rsquo;eau des installations sanitaires fixes et mobiles n&rsquo;est pas potable, par cons\u00e9quent, une interdiction de consommation s&rsquo;applique.\t\t\t\t\t\t\t\t<\/div>\n\t\t\t\t<div class=\"elementor-element elementor-element-f8c2aff elementor-widget elementor-widget-heading\" data-id=\"f8c2aff\" data-element_type=\"widget\" data-widget_type=\"heading.default\">\n\t\t\t\t\t<h3 class=\"elementor-heading-title elementor-size-default\">11. \u00c9lectricit\u00e9<\/h3>\t\t\t\t<\/div>\n\t\t\t\t<div class=\"elementor-element elementor-element-790741e elementor-widget elementor-widget-text-editor\" data-id=\"790741e\" data-element_type=\"widget\" data-widget_type=\"text-editor.default\">\n\t\t\t\t\t\t\t\t\tLes prises de courant du Site sont exclusivement destin\u00e9es \u00e0 l&rsquo;utilisation des installations et services propos\u00e9s lors des \u00c9v\u00e9nements. Il est strictement interdit aux Visiteurs de brancher des appareils \u00e9lectroniques personnels sur les prises de courant. Par appareils \u00e9lectroniques personnels, on entend (entre autres) : t\u00e9l\u00e9phones, ordinateurs portables, tablettes, batteries externes (powerbanks), chargeurs et autres appareils n&rsquo;\u00e9tant pas directement li\u00e9s \u00e0 l&rsquo;organisation ou \u00e0 l&rsquo;ex\u00e9cution d&rsquo;un \u00c9v\u00e9nement. \n<ul><\/ul>\nEn cas d&rsquo;utilisation illicite des prises de courant, persistant malgr\u00e9 une demande d&rsquo;arr\u00eat, Easyfairs Belgium se r\u00e9serve le droit de confisquer l&rsquo;appareil \u00e9lectronique branch\u00e9 sur une prise de courant du Site pour la dur\u00e9e de la visite de son propri\u00e9taire. L&rsquo;appareil confisqu\u00e9 sera conserv\u00e9 \u00e0 la r\u00e9ception du Site ou aupr\u00e8s du service de s\u00e9curit\u00e9, o\u00f9 il pourra \u00eatre r\u00e9cup\u00e9r\u00e9 \u00e0 la fin de la visite, sur pr\u00e9sentation d&rsquo;une pi\u00e8ce d&rsquo;identit\u00e9 du propri\u00e9taire de l&rsquo;appareil. Easyfairs Belgium se r\u00e9serve \u00e9galement le droit de facturer une indemnit\u00e9 forfaitaire de 350 EUR en compensation des frais administratifs et des co\u00fbts de consommation qui y sont li\u00e9s.\t\t\t\t\t\t\t\t<\/div>\n\t\t\t\t<div class=\"elementor-element elementor-element-fb6af2f elementor-widget elementor-widget-heading\" data-id=\"fb6af2f\" data-element_type=\"widget\" data-widget_type=\"heading.default\">\n\t\t\t\t\t<h3 class=\"elementor-heading-title elementor-size-default\">12. R\u00e9seau<\/h3>\t\t\t\t<\/div>\n\t\t\t\t<div class=\"elementor-element elementor-element-b078cc6 elementor-widget elementor-widget-text-editor\" data-id=\"b078cc6\" data-element_type=\"widget\" data-widget_type=\"text-editor.default\">\n\t\t\t\t\t\t\t\t\tLe Visiteur peut se connecter au r\u00e9seau FREE_WIFI pour acc\u00e9der \u00e0 Internet et respecte \u00e0 cet \u00e9gard les directives figurant sous les \u00ab Conditions g\u00e9n\u00e9rales d&rsquo;utilisation \u00bb consultables lors de la connexion au r\u00e9seau FREE_WIFI. \n<ul><\/ul>\nLes hotspots perturbateurs et non officiels des Visiteurs seront d\u00e9tect\u00e9s et supprim\u00e9s aux frais du Visiteur.\t\t\t\t\t\t\t\t<\/div>\n\t\t\t\t<div class=\"elementor-element elementor-element-aa00adc elementor-widget elementor-widget-heading\" data-id=\"aa00adc\" data-element_type=\"widget\" data-widget_type=\"heading.default\">\n\t\t\t\t\t<h3 class=\"elementor-heading-title elementor-size-default\">13. Objets trouv\u00e9s<\/h3>\t\t\t\t<\/div>\n\t\t\t\t<div class=\"elementor-element elementor-element-c9601da elementor-widget elementor-widget-text-editor\" data-id=\"c9601da\" data-element_type=\"widget\" data-widget_type=\"text-editor.default\">\n\t\t\t\t\t\t\t\t\tChaque Visiteur est responsable de ses biens personnels. \n<ul><\/ul>\nSi un Visiteur trouve des objets perdus appartenant \u00e0 des tiers, ils doivent \u00eatre d\u00e9pos\u00e9s \u00e0 l&rsquo;accueil du Site. Easyfairs Belgium ne peut \u00eatre tenue responsable de l&rsquo;\u00e9ventuelle d\u00e9gradation des objets trouv\u00e9s conserv\u00e9s \u00e0 l&rsquo;accueil. Easyfairs Belgium entreprendra toutes les tentatives raisonnables pour retrouver le propri\u00e9taire, en application des articles 3.58 et 3.59 du Code civil. \n<ul><\/ul>\nSi un Visiteur a lui-m\u00eame perdu des objets, il peut le signaler par e-mail via la page de contact du site web du Site mentionn\u00e9 \u00e0 l&rsquo;article 3.2. \n<ul><\/ul>\nLes objets retrouv\u00e9s peuvent, apr\u00e8s contact, \u00eatre retir\u00e9s sur rendez-vous ou \u00eatre renvoy\u00e9s au propri\u00e9taire, moyennant le paiement des frais d&rsquo;exp\u00e9dition, d&#8217;emballage et d&rsquo;administration. Les objets perdus sont conserv\u00e9s pendant un mois maximum.\t\t\t\t\t\t\t\t<\/div>\n\t\t\t\t<div class=\"elementor-element elementor-element-7bcfbc3 elementor-widget elementor-widget-heading\" data-id=\"7bcfbc3\" data-element_type=\"widget\" data-widget_type=\"heading.default\">\n\t\t\t\t\t<h3 class=\"elementor-heading-title elementor-size-default\">14. Responsabilit\u00e9 et information<\/h3>\t\t\t\t<\/div>\n\t\t\t\t<div class=\"elementor-element elementor-element-b244f40 elementor-widget elementor-widget-text-editor\" data-id=\"b244f40\" data-element_type=\"widget\" data-widget_type=\"text-editor.default\">\n\t\t\t\t\t\t\t\t\t<h5>14.1. Responsabilit\u00e9<\/h5>\n\t\t\t\t\t\t\t\t<\/div>\n\t\t\t\t<div class=\"elementor-element elementor-element-50c5b53 elementor-widget elementor-widget-text-editor\" data-id=\"50c5b53\" data-element_type=\"widget\" data-widget_type=\"text-editor.default\">\n\t\t\t\t\t\t\t\t\t<p>Chaque Visiteur est personnellement responsable des dommages qu&rsquo;il cause au Site et s&rsquo;engage \u00e0 indemniser Easyfairs Belgium \u00e0 sa premi\u00e8re demande.<\/p>\n<p>Les Visiteurs du Site participent aux \u00c9v\u00e9nements \u00e0 leurs propres risques.<\/p>\n<p>Easyfairs Belgium n&rsquo;est pas responsable de :<\/p>\n<ul>\n<li>Tout dommage corporel ou incorporel subi par un Visiteur suite \u00e0 sa participation \u00e0 un \u00c9v\u00e9nement, qui ne serait pas d\u00fb \u00e0 une faute grave ou intentionnelle d&rsquo;Easyfairs Belgium ou \u00e0 un vice grave du Site ;<\/li>\n<li>Tout dommage, perte ou vol des biens appartenant \u00e0 un Visiteur, y compris les v\u00e9hicules motoris\u00e9s ou non motoris\u00e9s et les v\u00e9los gar\u00e9s sur le parking du Site (qu&rsquo;ils soient ou non aux emplacements pr\u00e9vus) et en particulier les appareils \u00e9lectroniques des Visiteurs confisqu\u00e9s suite \u00e0 une utilisation non autoris\u00e9e des prises de courant du Site conform\u00e9ment au pr\u00e9sent R\u00e8glement int\u00e9rieur ;<\/li>\n<li>Tout dommage indirect, sauf en cas de faute grave ou intentionnelle ;<\/li>\n<li>Toute erreur ou omission de tiers, y compris les Organisateurs, \u00e0 l&rsquo;exception de celles de ses propres sous-traitants.<\/li>\n<\/ul>\n\t\t\t\t\t\t\t\t<\/div>\n\t\t\t\t<div class=\"elementor-element elementor-element-e445ca0 elementor-widget elementor-widget-text-editor\" data-id=\"e445ca0\" data-element_type=\"widget\" data-widget_type=\"text-editor.default\">\n\t\t\t\t\t\t\t\t\t<h5>14.2. Information<\/h5>\n\t\t\t\t\t\t\t\t<\/div>\n\t\t\t\t<div class=\"elementor-element elementor-element-b50d2e0 elementor-widget elementor-widget-text-editor\" data-id=\"b50d2e0\" data-element_type=\"widget\" data-widget_type=\"text-editor.default\">\n\t\t\t\t\t\t\t\t\tLes informations relatives aux \u00c9v\u00e9nements affich\u00e9es sur le site web d&rsquo;Easyfairs Belgium ou du Site sont celles communiqu\u00e9es par l&rsquo;Organisateur de l&rsquo;\u00c9v\u00e9nement concern\u00e9 \u00e0 Easyfairs Belgium. Easyfairs Belgium ne donne toutefois aucune garantie aux Visiteurs quant \u00e0 l&rsquo;exactitude et \u00e0 l&rsquo;exhaustivit\u00e9 de ces informations, y compris, mais sans s&rsquo;y limiter, les informations concernant les garanties commerciales et l&rsquo;ad\u00e9quation \u00e0 un usage particulier. \n<ul><\/ul>\nSi le site web du Site contient un lien vers un site externe d&rsquo;une autre entreprise (qu&rsquo;il s&rsquo;agisse ou non d&rsquo;un Organisateur d&rsquo;\u00c9v\u00e9nement), Easyfairs Belgium ne donne aucune garantie aux Visiteurs quant au contenu de ce site externe. Par cons\u00e9quent, Easyfairs Belgium ne peut \u00eatre tenue responsable du contenu de ce site externe ou de la mani\u00e8re dont cette autre entreprise traite les donn\u00e9es \u00e0 caract\u00e8re personnel des Visiteurs. Easyfairs Belgium conseille aux Visiteurs de toujours lire la d\u00e9claration de confidentialit\u00e9 des sites web externes pour plus d&rsquo;informations sur l&rsquo;utilisation, le traitement et la protection des donn\u00e9es \u00e0 caract\u00e8re personnel.\t\t\t\t\t\t\t\t<\/div>\n\t\t\t\t<div class=\"elementor-element elementor-element-93cc398 elementor-widget elementor-widget-heading\" data-id=\"93cc398\" data-element_type=\"widget\" data-widget_type=\"heading.default\">\n\t\t\t\t\t<h3 class=\"elementor-heading-title elementor-size-default\">15. Contact<\/h3>\t\t\t\t<\/div>\n\t\t\t\t<div class=\"elementor-element elementor-element-b02b8d2 elementor-widget elementor-widget-text-editor\" data-id=\"b02b8d2\" data-element_type=\"widget\" data-widget_type=\"text-editor.default\">\n\t\t\t\t\t\t\t\t\t<p>Toute question, remarque ou suggestion peut \u00eatre adress\u00e9e \u00e0 Easyfairs Belgium via l&rsquo;adresse e-mail suivante : <strong>ehs@easyfairs.com<\/strong>.<\/p>\n\t\t\t\t\t\t\t\t<\/div>\n\t\t\t\t<div class=\"elementor-element elementor-element-dca8f5f elementor-widget elementor-widget-heading\" data-id=\"dca8f5f\" data-element_type=\"widget\" data-widget_type=\"heading.default\">\n\t\t\t\t\t<h3 class=\"elementor-heading-title elementor-size-default\">16. Litiges<\/h3>\t\t\t\t<\/div>\n\t\t\t\t<div class=\"elementor-element elementor-element-6a44a00 elementor-widget elementor-widget-text-editor\" data-id=\"6a44a00\" data-element_type=\"widget\" data-widget_type=\"text-editor.default\">\n\t\t\t\t\t\t\t\t\tLe pr\u00e9sent R\u00e8glement int\u00e9rieur doit \u00eatre interpr\u00e9t\u00e9 exclusivement conform\u00e9ment au droit belge. \n<ul><\/ul>\nTout litige relatif \u00e0 l&rsquo;interpr\u00e9tation ou \u00e0 l&rsquo;application du pr\u00e9sent R\u00e8glement int\u00e9rieur sera exclusivement et d\u00e9finitivement soumis aux cours et tribunaux de l&rsquo;arrondissement judiciaire du lieu o\u00f9 se situe le Site. \n<ul><\/ul>\n<ul><\/ul>\t\t\t\t\t\t\t\t<\/div>\n\t\t\t\t<\/div>\n\t\t\t\t<\/div>\n\t\t\t\t<\/div>\n\t\t","protected":false},"excerpt":{"rendered":"<p>R\u00c8GLEMENT INT\u00c9RIEUR DU SITE 1. Objet Le pr\u00e9sent R\u00e8glement int\u00e9rieur vise \u00e0 rendre l&rsquo;exp\u00e9rience des Visiteurs du Site aussi agr\u00e9able et s\u00fbre que possible et s&rsquo;applique \u00e0 toute personne p\u00e9n\u00e9trant sur le Site. 2. D\u00e9finitions Dans le pr\u00e9sent R\u00e8glement int\u00e9rieur, les termes suivants ont la signification correspondante, que ce soit au singulier ou au pluriel [&hellip;]<\/p>\n","protected":false},"author":949,"featured_media":0,"parent":0,"menu_order":0,"comment_status":"closed","ping_status":"closed","template":"","meta":{"_seopress_robots_primary_cat":"","_seopress_titles_title":"","_seopress_titles_desc":"","_seopress_robots_index":"","footnotes":""},"class_list":["post-27266","page","type-page","status-publish","hentry"],"meta_box":[],"_links":{"self":[{"href":"https:\/\/www.flandersexpo.be\/fr\/wp-json\/wp\/v2\/pages\/27266","targetHints":{"allow":["GET"]}}],"collection":[{"href":"https:\/\/www.flandersexpo.be\/fr\/wp-json\/wp\/v2\/pages"}],"about":[{"href":"https:\/\/www.flandersexpo.be\/fr\/wp-json\/wp\/v2\/types\/page"}],"author":[{"embeddable":true,"href":"https:\/\/www.flandersexpo.be\/fr\/wp-json\/wp\/v2\/users\/949"}],"replies":[{"embeddable":true,"href":"https:\/\/www.flandersexpo.be\/fr\/wp-json\/wp\/v2\/comments?post=27266"}],"version-history":[{"count":3,"href":"https:\/\/www.flandersexpo.be\/fr\/wp-json\/wp\/v2\/pages\/27266\/revisions"}],"predecessor-version":[{"id":29939,"href":"https:\/\/www.flandersexpo.be\/fr\/wp-json\/wp\/v2\/pages\/27266\/revisions\/29939"}],"wp:attachment":[{"href":"https:\/\/www.flandersexpo.be\/fr\/wp-json\/wp\/v2\/media?parent=27266"}],"curies":[{"name":"wp","href":"https:\/\/api.w.org\/{rel}","templated":true}]}}